{"id":562,"date":"2025-02-12T12:46:50","date_gmt":"2025-02-12T12:46:50","guid":{"rendered":"https:\/\/vitoriatrail.com\/?page_id=562"},"modified":"2025-02-12T12:53:37","modified_gmt":"2025-02-12T12:53:37","slug":"politica-de-privacidad","status":"publish","type":"page","link":"https:\/\/vitoriatrail.com\/eus\/politica-de-privacidad\/","title":{"rendered":"PRIBATUTASUN POLITIKA"},"content":{"rendered":"<div data-elementor-type=\"wp-page\" data-elementor-id=\"562\" class=\"elementor elementor-562\" data-elementor-settings=\"{&quot;ha_cmc_init_switcher&quot;:&quot;no&quot;}\">\n\t\t\t\t\t\t<section class=\"elementor-section elementor-top-section elementor-element elementor-element-3b7fd0a4 elementor-section-content-middle elementor-section-boxed elementor-section-height-default elementor-section-height-default\" data-id=\"3b7fd0a4\" data-element_type=\"section\" data-settings=\"{&quot;background_background&quot;:&quot;gradient&quot;,&quot;_ha_eqh_enable&quot;:false}\">\n\t\t\t\t\t\t\t<div class=\"elementor-background-overlay\"><\/div>\n\t\t\t\t\t\t\t<div class=\"elementor-container elementor-column-gap-default\">\n\t\t\t\t\t<div class=\"elementor-column elementor-col-100 elementor-top-column elementor-element elementor-element-5542440a\" data-id=\"5542440a\" data-element_type=\"column\">\n\t\t\t<div class=\"elementor-widget-wrap elementor-element-populated\">\n\t\t\t\t\t\t<div class=\"elementor-element elementor-element-26bb7507 elementor-widget elementor-widget-heading\" data-id=\"26bb7507\" data-element_type=\"widget\" data-widget_type=\"heading.default\">\n\t\t\t\t<div class=\"elementor-widget-container\">\n\t\t\t\t\t<h2 class=\"elementor-heading-title elementor-size-default\">PRIBATUTASUN POLITIKA<\/h2>\t\t\t\t<\/div>\n\t\t\t\t<\/div>\n\t\t\t\t\t<\/div>\n\t\t<\/div>\n\t\t\t\t\t<\/div>\n\t\t<\/section>\n\t\t<div class=\"elementor-element elementor-element-d2ea5c9 e-flex e-con-boxed e-con e-parent\" data-id=\"d2ea5c9\" data-element_type=\"container\" data-settings=\"{&quot;_ha_eqh_enable&quot;:false}\">\n\t\t\t\t\t<div class=\"e-con-inner\">\n\t\t\t\t<div class=\"elementor-element elementor-element-97fded7 elementor-widget elementor-widget-text-editor\" data-id=\"97fded7\" data-element_type=\"widget\" data-widget_type=\"text-editor.default\">\n\t\t\t\t<div class=\"elementor-widget-container\">\n\t\t\t\t\t\t\t\t\t<p data-pm-slice=\"1 1 []\">En toda la empresa estamos comprometidos con la protecci\u00f3n de la privacidad y el uso correcto de los datos personales que tratamos. Esta pol\u00edtica describe c\u00f3mo podemos tratar dichos datos y los derechos de los usuarios sobre sus datos personales en este sitio web y, en su caso, cualquiera de sus subdominios.<\/p><p><strong>Jurisdicci\u00f3n y competencia<\/strong><br \/>En el supuesto de conflicto o disputa respecto a la interpretaci\u00f3n de las presentes condiciones, as\u00ed como sobre cualquier extremo relacionado con los servicios del presente Sitio Web, la Jurisdicci\u00f3n y Normativa aplicable ser\u00e1 la espa\u00f1ola, mientras que los Tribunales competentes ser\u00e1n los de Vitoria-Gasteiz.<\/p><p><strong>Tu consentimiento<\/strong><br \/>Por favor, lee atentamente esta pol\u00edtica y aseg\u00farate de que la entiendes y est\u00e1s de acuerdo con ella antes de acceder a, o utilizar cualquiera de nuestros servicios o facilitarnos tus datos personales. Si no est\u00e1s de acuerdo con la misma, no utilices este sitio web o sus servicios ni nos facilites tus datos. El hecho de acceder a este sitio, usar cualquiera de sus servicios o facilitarnos tus datos lo entenderemos como una clara acci\u00f3n afirmativa por la que nos das tu consentimiento para tratar tus datos para las finalidades que luego se indican.<\/p><p><strong>\u00bfQui\u00e9n es el responsable de tratar tus datos?<\/strong><br \/>ARABA ASCENTIUM SL<br \/>CIF: B01332733<br \/>Direcci\u00f3n: C\/ Zapater\u00eda 81 bajo 01001<br \/>Poblaci\u00f3n: VITORIA-GASTEIZ<br \/>Tel\u00e9fono: 945 235 249<br \/>Email: <a>info@ascentium.org<\/a><\/p><p><strong>\u00bfC\u00f3mo hemos obtenido tus datos?<\/strong><br \/>Si ya eres cliente, nos los has facilitado t\u00fa offline al solicitar nuestros servicios, para poder mantener la relaci\u00f3n contractual contigo.<br \/>Si los datos nos los has aportado a trav\u00e9s de este sitio web, recopilamos informaci\u00f3n, por ejemplo, cuando accedes a la p\u00e1gina, cuando rellenas cualquier formulario que requiera datos personales, cuando cargas informaci\u00f3n o contenidos o cuando te comunicas con nosotros directamente.<br \/>Podemos tratar y registrar dichos usos e informaci\u00f3n relacionada, ya sea en forma independiente o con la ayuda de servicios de terceros, incluso mediante el uso de \u00abcookies\u00bb y otras tecnolog\u00edas de seguimiento.<br \/>Cuando voluntariamente introduces tus datos personales, garantizas que est\u00e1s habilitado para facilitar esta informaci\u00f3n y que la informaci\u00f3n es cierta, veraz, exacta y actualizada, que no es confidencial y que no viola ninguna restricci\u00f3n contractual o derechos de terceros.<br \/>Tienes la responsabilidad de mantener tus datos correctos y actualizados, declinando toda responsabilidad Ascentium en caso de no hacerlo.<\/p><p><strong>Datos de terceros<\/strong><br \/>Con respecto a los datos de otras personas, debes respetar su privacidad prestando especial cuidado a la hora de publicar sus datos de car\u00e1cter personal. Como usuario, solo puedes consentir el tratamiento de tus datos personales, pero no los de terceros. La comunicaci\u00f3n de datos de terceros constituye una cesi\u00f3n de datos de car\u00e1cter personal.<br \/>Si facilitas datos de car\u00e1cter personal de terceros, es tu responsabilidad contar con su consentimiento previo y expreso para utilizarlos y comunic\u00e1rnoslos. Asimismo, te haces responsable de comunicarles la inclusi\u00f3n de sus datos en nuestros ficheros.<br \/>La publicaci\u00f3n de datos de terceros sin su consentimiento puede infringir la normativa sobre protecci\u00f3n de datos, as\u00ed como el derecho al honor, a la intimidad o a la propia imagen de dichos terceros. Estos derechos est\u00e1n protegidos por la Ley Org\u00e1nica 1\/1982, de 5 de mayo, de protecci\u00f3n civil del derecho al honor, a la intimidad personal y familiar y a la propia imagen.<\/p><p><strong>\u00bfCon qu\u00e9 finalidad tratamos sus datos?<\/strong><br \/>Podemos tratar tus datos para distintas finalidades, por ejemplo:<\/p><ul data-spread=\"false\"><li><p>Si eres cliente actual o potencial, para gestionar tu encargo, mantener el contacto y la comunicaci\u00f3n contigo, gestionar la relaci\u00f3n contractual y\/o comercial, incluidos servicios de postventa y garant\u00eda, y la gesti\u00f3n y facturaci\u00f3n de los servicios y\/o productos solicitados.<\/p><\/li><li><p>Si eres usuario de nuestro sitio web, para gestionar las peticiones que nos realices online, contactar contigo si nos has enviado tu curr\u00edculum y gestionar los procesos de selecci\u00f3n que llevemos a cabo.<\/p><\/li><li><p>Para ofrecerte productos y servicios de acuerdo con tus intereses, mejorar tu experiencia de usuario\/cliente y desarrollar, personalizar y mejorar nuestros servicios. Podremos elaborar un \u00abperfil comercial\u00bb sobre la base de la informaci\u00f3n facilitada, pero no tomaremos decisiones automatizadas sobre la base de dicho perfil.<\/p><\/li><li><p>Para realizar encuestas de opini\u00f3n y\/o satisfacci\u00f3n y remitirte informaci\u00f3n sobre nuestras actividades, productos y\/o servicios.<\/p><\/li><\/ul><p><strong>\u00bfDurante cu\u00e1nto tiempo conservaremos tus datos?<\/strong><br \/>Los datos personales proporcionados se conservar\u00e1n durante un plazo de 6 a\u00f1os a partir de la extinci\u00f3n de la relaci\u00f3n contractual en el caso de los clientes, y mientras no nos solicites su supresi\u00f3n si eres un mero usuario de la p\u00e1gina web. Incluso transcurridos esos plazos, podremos mantenerlos, limitando su tratamiento, \u00fanicamente para el cumplimiento de obligaciones legales y\/o el ejercicio o la defensa de reclamaciones.<\/p><p><strong>\u00bfCu\u00e1les son tus derechos cuando nos facilitas tus datos?<\/strong><\/p><ul data-spread=\"false\"><li><p><strong>Derecho de acceso:<\/strong> Puedes preguntarnos qu\u00e9 datos personales estamos tratando e incluso solicitarnos una copia de los mismos.<\/p><\/li><li><p><strong>Derecho de rectificaci\u00f3n:<\/strong> Puedes solicitarnos la rectificaci\u00f3n de los datos personales inexactos o incompletos.<\/p><\/li><li><p><strong>Derecho de supresi\u00f3n (derecho al olvido):<\/strong> Puedes solicitarnos la supresi\u00f3n de tus datos personales en determinados supuestos.<\/p><\/li><li><p><strong>Derecho a la limitaci\u00f3n del tratamiento:<\/strong> Puedes solicitarnos la limitaci\u00f3n del tratamiento de tus datos en ciertas circunstancias.<\/p><\/li><li><p><strong>Derecho a la portabilidad de los datos:<\/strong> Puedes solicitarnos que te devolvamos tus datos personales en un formato estructurado, de uso com\u00fan y lectura mec\u00e1nica.<\/p><\/li><li><p><strong>Derecho de oposici\u00f3n:<\/strong> Puedes oponerte al tratamiento de tus datos si este se basa en el inter\u00e9s leg\u00edtimo del responsable del fichero o es para fines publicitarios.<\/p><\/li><\/ul><p>Para ejercer estos derechos, puedes dirigirte mediante solicitud escrita y firmada a <strong>ARABA ASCENTIUM, S.L.<\/strong>, C\/ Zapater\u00eda 81 bajo, 01001 VITORIA, adjuntando en todo caso copia de tu DNI. En caso de modificaci\u00f3n de tus datos, deber\u00e1s notificarlo en la misma direcci\u00f3n.<br \/>Una vez recibida tu solicitud, te responderemos en un plazo m\u00e1ximo de 10 d\u00edas.<br \/>Tienes derecho a reclamar ante la <strong>Agencia Espa\u00f1ola de Protecci\u00f3n de Datos<\/strong>. Para m\u00e1s informaci\u00f3n, visita <a><strong>www.agpd.es<\/strong><\/a>.<\/p><p><strong>\u00bfC\u00f3mo hemos obtenido sus datos?<\/strong><br \/>Los datos personales que tratamos en Ascentium proceden directamente del interesado.<\/p>\t\t\t\t\t\t\t\t<\/div>\n\t\t\t\t<\/div>\n\t\t\t\t\t<\/div>\n\t\t\t\t<\/div>\n\t\t\t\t<\/div>","protected":false},"excerpt":{"rendered":"<p>POL\u00cdTICA DE PRIVACIDAD En toda la empresa estamos comprometidos con la protecci\u00f3n de la privacidad y el uso correcto de [&hellip;]<\/p>","protected":false},"author":1,"featured_media":0,"parent":0,"menu_order":0,"comment_status":"closed","ping_status":"closed","template":"","meta":{"site-sidebar-layout":"no-sidebar","site-content-layout":"","ast-site-content-layout":"full-width-container","site-content-style":"default","site-sidebar-style":"default","ast-global-header-display":"","ast-banner-title-visibility":"","ast-main-header-display":"","ast-hfb-above-header-display":"","ast-hfb-below-header-display":"","ast-hfb-mobile-header-display":"","site-post-title":"disabled","ast-breadcrumbs-content":"","ast-featured-img":"disabled","footer-sml-layout":"","theme-transparent-header-meta":"","adv-header-id-meta":"","stick-header-meta":"","header-above-stick-meta":"","header-main-stick-meta":"","header-below-stick-meta":"","astra-migrate-meta-layouts":"default","ast-page-background-enabled":"default","ast-page-background-meta":{"desktop":{"background-color":"var(--ast-global-color-5)","background-image":"","background-repeat":"repeat","background-position":"center center","background-size":"auto","background-attachment":"scroll","background-type":"","background-media":"","overlay-type":"","overlay-color":"","overlay-opacity":"","overlay-gradient":""},"tablet":{"background-color":"","background-image":"","background-repeat":"repeat","background-position":"center center","background-size":"auto","background-attachment":"scroll","background-type":"","background-media":"","overlay-type":"","overlay-color":"","overlay-opacity":"","overlay-gradient":""},"mobile":{"background-color":"","background-image":"","background-repeat":"repeat","background-position":"center center","background-size":"auto","background-attachment":"scroll","background-type":"","background-media":"","overlay-type":"","overlay-color":"","overlay-opacity":"","overlay-gradient":""}},"ast-content-background-meta":{"desktop":{"background-color":"var(--ast-global-color-4)","background-image":"","background-repeat":"repeat","background-position":"center center","background-size":"auto","background-attachment":"scroll","background-type":"","background-media":"","overlay-type":"","overlay-color":"","overlay-opacity":"","overlay-gradient":""},"tablet":{"background-color":"var(--ast-global-color-4)","background-image":"","background-repeat":"repeat","background-position":"center center","background-size":"auto","background-attachment":"scroll","background-type":"","background-media":"","overlay-type":"","overlay-color":"","overlay-opacity":"","overlay-gradient":""},"mobile":{"background-color":"var(--ast-global-color-4)","background-image":"","background-repeat":"repeat","background-position":"center center","background-size":"auto","background-attachment":"scroll","background-type":"","background-media":"","overlay-type":"","overlay-color":"","overlay-opacity":"","overlay-gradient":""}},"footnotes":""},"class_list":["post-562","page","type-page","status-publish","hentry"],"yoast_head":"<!-- This site is optimized with the Yoast SEO plugin v25.7 - https:\/\/yoast.com\/wordpress\/plugins\/seo\/ -->\n<title>POL\u00cdTICA DE PRIVACIDAD - VITORIA GASTEIZ TRAIL<\/title>\n<meta name=\"robots\" content=\"index, follow, max-snippet:-1, max-image-preview:large, max-video-preview:-1\" \/>\n<link rel=\"canonical\" href=\"https:\/\/vitoriatrail.com\/eus\/politica-de-privacidad\/\" \/>\n<meta property=\"og:locale\" content=\"en_US\" \/>\n<meta property=\"og:type\" content=\"article\" \/>\n<meta property=\"og:title\" content=\"POL\u00cdTICA DE PRIVACIDAD - VITORIA GASTEIZ TRAIL\" \/>\n<meta property=\"og:description\" content=\"POL\u00cdTICA DE PRIVACIDAD En toda la empresa estamos comprometidos con la protecci\u00f3n de la privacidad y el uso correcto de [&hellip;]\" \/>\n<meta property=\"og:url\" content=\"https:\/\/vitoriatrail.com\/eus\/politica-de-privacidad\/\" \/>\n<meta property=\"og:site_name\" content=\"VITORIA GASTEIZ TRAIL\" \/>\n<meta property=\"article:modified_time\" content=\"2025-02-12T12:53:37+00:00\" \/>\n<meta name=\"twitter:card\" content=\"summary_large_image\" \/>\n<meta name=\"twitter:label1\" content=\"Est. reading time\" \/>\n\t<meta name=\"twitter:data1\" content=\"5 minutua\" \/>\n<script type=\"application\/ld+json\" class=\"yoast-schema-graph\">{\"@context\":\"https:\/\/schema.org\",\"@graph\":[{\"@type\":\"WebPage\",\"@id\":\"https:\/\/vitoriatrail.com\/politica-de-privacidad\/\",\"url\":\"https:\/\/vitoriatrail.com\/politica-de-privacidad\/\",\"name\":\"POL\u00cdTICA DE PRIVACIDAD - VITORIA GASTEIZ TRAIL\",\"isPartOf\":{\"@id\":\"https:\/\/vitoriatrail.com\/#website\"},\"datePublished\":\"2025-02-12T12:46:50+00:00\",\"dateModified\":\"2025-02-12T12:53:37+00:00\",\"breadcrumb\":{\"@id\":\"https:\/\/vitoriatrail.com\/politica-de-privacidad\/#breadcrumb\"},\"inLanguage\":\"eu\",\"potentialAction\":[{\"@type\":\"ReadAction\",\"target\":[\"https:\/\/vitoriatrail.com\/politica-de-privacidad\/\"]}]},{\"@type\":\"BreadcrumbList\",\"@id\":\"https:\/\/vitoriatrail.com\/politica-de-privacidad\/#breadcrumb\",\"itemListElement\":[{\"@type\":\"ListItem\",\"position\":1,\"name\":\"Portada\",\"item\":\"https:\/\/vitoriatrail.com\/\"},{\"@type\":\"ListItem\",\"position\":2,\"name\":\"POL\u00cdTICA DE PRIVACIDAD\"}]},{\"@type\":\"WebSite\",\"@id\":\"https:\/\/vitoriatrail.com\/#website\",\"url\":\"https:\/\/vitoriatrail.com\/\",\"name\":\"VITORIA GASTEIZ TRAIL\",\"description\":\"Irailak 20 Septiembre 2025\",\"potentialAction\":[{\"@type\":\"SearchAction\",\"target\":{\"@type\":\"EntryPoint\",\"urlTemplate\":\"https:\/\/vitoriatrail.com\/?s={search_term_string}\"},\"query-input\":{\"@type\":\"PropertyValueSpecification\",\"valueRequired\":true,\"valueName\":\"search_term_string\"}}],\"inLanguage\":\"eu\"}]}<\/script>\n<!-- \/ Yoast SEO plugin. -->","yoast_head_json":{"title":"POL\u00cdTICA DE PRIVACIDAD - VITORIA GASTEIZ TRAIL","robots":{"index":"index","follow":"follow","max-snippet":"max-snippet:-1","max-image-preview":"max-image-preview:large","max-video-preview":"max-video-preview:-1"},"canonical":"https:\/\/vitoriatrail.com\/eus\/politica-de-privacidad\/","og_locale":"en_US","og_type":"article","og_title":"POL\u00cdTICA DE PRIVACIDAD - VITORIA GASTEIZ TRAIL","og_description":"POL\u00cdTICA DE PRIVACIDAD En toda la empresa estamos comprometidos con la protecci\u00f3n de la privacidad y el uso correcto de [&hellip;]","og_url":"https:\/\/vitoriatrail.com\/eus\/politica-de-privacidad\/","og_site_name":"VITORIA GASTEIZ TRAIL","article_modified_time":"2025-02-12T12:53:37+00:00","twitter_card":"summary_large_image","twitter_misc":{"Est. reading time":"5 minutua"},"schema":{"@context":"https:\/\/schema.org","@graph":[{"@type":"WebPage","@id":"https:\/\/vitoriatrail.com\/politica-de-privacidad\/","url":"https:\/\/vitoriatrail.com\/politica-de-privacidad\/","name":"POL\u00cdTICA DE PRIVACIDAD - VITORIA GASTEIZ TRAIL","isPartOf":{"@id":"https:\/\/vitoriatrail.com\/#website"},"datePublished":"2025-02-12T12:46:50+00:00","dateModified":"2025-02-12T12:53:37+00:00","breadcrumb":{"@id":"https:\/\/vitoriatrail.com\/politica-de-privacidad\/#breadcrumb"},"inLanguage":"eu","potentialAction":[{"@type":"ReadAction","target":["https:\/\/vitoriatrail.com\/politica-de-privacidad\/"]}]},{"@type":"BreadcrumbList","@id":"https:\/\/vitoriatrail.com\/politica-de-privacidad\/#breadcrumb","itemListElement":[{"@type":"ListItem","position":1,"name":"Portada","item":"https:\/\/vitoriatrail.com\/"},{"@type":"ListItem","position":2,"name":"POL\u00cdTICA DE PRIVACIDAD"}]},{"@type":"WebSite","@id":"https:\/\/vitoriatrail.com\/#website","url":"https:\/\/vitoriatrail.com\/","name":"VITORIA GASTEIZ TRAIL","description":"Irailak 20 Septiembre 2025","potentialAction":[{"@type":"SearchAction","target":{"@type":"EntryPoint","urlTemplate":"https:\/\/vitoriatrail.com\/?s={search_term_string}"},"query-input":{"@type":"PropertyValueSpecification","valueRequired":true,"valueName":"search_term_string"}}],"inLanguage":"eu"}]}},"_links":{"self":[{"href":"https:\/\/vitoriatrail.com\/eus\/wp-json\/wp\/v2\/pages\/562","targetHints":{"allow":["GET"]}}],"collection":[{"href":"https:\/\/vitoriatrail.com\/eus\/wp-json\/wp\/v2\/pages"}],"about":[{"href":"https:\/\/vitoriatrail.com\/eus\/wp-json\/wp\/v2\/types\/page"}],"author":[{"embeddable":true,"href":"https:\/\/vitoriatrail.com\/eus\/wp-json\/wp\/v2\/users\/1"}],"replies":[{"embeddable":true,"href":"https:\/\/vitoriatrail.com\/eus\/wp-json\/wp\/v2\/comments?post=562"}],"version-history":[{"count":0,"href":"https:\/\/vitoriatrail.com\/eus\/wp-json\/wp\/v2\/pages\/562\/revisions"}],"wp:attachment":[{"href":"https:\/\/vitoriatrail.com\/eus\/wp-json\/wp\/v2\/media?parent=562"}],"curies":[{"name":"wp","href":"https:\/\/api.w.org\/{rel}","templated":true}]}}