{"id":512,"date":"2025-02-11T12:24:36","date_gmt":"2025-02-11T12:24:36","guid":{"rendered":"https:\/\/vitoriatrail.com\/?page_id=512"},"modified":"2026-03-05T13:47:18","modified_gmt":"2026-03-05T13:47:18","slug":"camiseta-oficial","status":"publish","type":"page","link":"https:\/\/vitoriatrail.com\/eus\/participantes\/camiseta-oficial\/","title":{"rendered":"KAMISETA OFIZIALA"},"content":{"rendered":"<div data-elementor-type=\"wp-page\" data-elementor-id=\"512\" class=\"elementor elementor-512\" data-elementor-settings=\"{&quot;ha_cmc_init_switcher&quot;:&quot;no&quot;}\">\n\t\t\t\t\t\t<section class=\"elementor-section elementor-top-section elementor-element elementor-element-2577a4e8 elementor-section-content-middle elementor-section-boxed elementor-section-height-default elementor-section-height-default\" data-id=\"2577a4e8\" data-element_type=\"section\" data-settings=\"{&quot;background_background&quot;:&quot;gradient&quot;,&quot;_ha_eqh_enable&quot;:false}\">\n\t\t\t\t\t\t\t<div class=\"elementor-background-overlay\"><\/div>\n\t\t\t\t\t\t\t<div class=\"elementor-container elementor-column-gap-default\">\n\t\t\t\t\t<div class=\"elementor-column elementor-col-100 elementor-top-column elementor-element elementor-element-7f4c4cb6\" data-id=\"7f4c4cb6\" data-element_type=\"column\">\n\t\t\t<div class=\"elementor-widget-wrap elementor-element-populated\">\n\t\t\t\t\t\t<div class=\"elementor-element elementor-element-1f558d8a elementor-widget elementor-widget-heading\" data-id=\"1f558d8a\" data-element_type=\"widget\" data-widget_type=\"heading.default\">\n\t\t\t\t<div class=\"elementor-widget-container\">\n\t\t\t\t\t<h2 class=\"elementor-heading-title elementor-size-default\">KAMISETA OFIZIALA<\/h2>\t\t\t\t<\/div>\n\t\t\t\t<\/div>\n\t\t\t\t\t<\/div>\n\t\t<\/div>\n\t\t\t\t\t<\/div>\n\t\t<\/section>\n\t\t<div class=\"elementor-element elementor-element-524606c e-flex e-con-boxed e-con e-parent\" data-id=\"524606c\" data-element_type=\"container\" data-settings=\"{&quot;_ha_eqh_enable&quot;:false}\">\n\t\t\t\t\t<div class=\"e-con-inner\">\n\t\t\t\t<div class=\"elementor-element elementor-element-d118f31 elementor-widget elementor-widget-heading\" data-id=\"d118f31\" data-element_type=\"widget\" data-widget_type=\"heading.default\">\n\t\t\t\t<div class=\"elementor-widget-container\">\n\t\t\t\t\t<h2 class=\"elementor-heading-title elementor-size-default\">camiseta oficial vitoria-gasteiz trail 2026:<\/h2>\t\t\t\t<\/div>\n\t\t\t\t<\/div>\n\t\t\t\t<div class=\"elementor-element elementor-element-c3eaa5b elementor-widget elementor-widget-heading\" data-id=\"c3eaa5b\" data-element_type=\"widget\" data-widget_type=\"heading.default\">\n\t\t\t\t<div class=\"elementor-widget-container\">\n\t\t\t\t\t<h2 class=\"elementor-heading-title elementor-size-default\">estamos dise\u00f1ando la camiseta de este a\u00f1o 2026<\/h2>\t\t\t\t<\/div>\n\t\t\t\t<\/div>\n\t\t\t\t\t<\/div>\n\t\t\t\t<\/div>\n\t\t<div class=\"elementor-element elementor-element-e01c774 e-flex e-con-boxed e-con e-parent\" data-id=\"e01c774\" data-element_type=\"container\" data-settings=\"{&quot;_ha_eqh_enable&quot;:false}\">\n\t\t\t\t\t<div class=\"e-con-inner\">\n\t\t\t\t<div class=\"elementor-element elementor-element-b69d493 elementor-widget elementor-widget-image\" data-id=\"b69d493\" data-element_type=\"widget\" data-widget_type=\"image.default\">\n\t\t\t\t<div class=\"elementor-widget-container\">\n\t\t\t\t\t\t\t\t\t\t\t\t\t\t\t<img fetchpriority=\"high\" decoding=\"async\" width=\"512\" height=\"512\" src=\"https:\/\/vitoriatrail.com\/wp-content\/uploads\/2025\/02\/cropped-1.png\" class=\"attachment-large size-large wp-image-98\" alt=\"\" srcset=\"https:\/\/vitoriatrail.com\/wp-content\/uploads\/2025\/02\/cropped-1.png 512w, https:\/\/vitoriatrail.com\/wp-content\/uploads\/2025\/02\/cropped-1-300x300.png 300w, https:\/\/vitoriatrail.com\/wp-content\/uploads\/2025\/02\/cropped-1-150x150.png 150w, https:\/\/vitoriatrail.com\/wp-content\/uploads\/2025\/02\/cropped-1-12x12.png 12w, https:\/\/vitoriatrail.com\/wp-content\/uploads\/2025\/02\/cropped-1-270x270.png 270w, https:\/\/vitoriatrail.com\/wp-content\/uploads\/2025\/02\/cropped-1-192x192.png 192w, https:\/\/vitoriatrail.com\/wp-content\/uploads\/2025\/02\/cropped-1-180x180.png 180w, https:\/\/vitoriatrail.com\/wp-content\/uploads\/2025\/02\/cropped-1-32x32.png 32w\" sizes=\"(max-width: 512px) 100vw, 512px\" \/>\t\t\t\t\t\t\t\t\t\t\t\t\t\t\t<\/div>\n\t\t\t\t<\/div>\n\t\t\t\t\t<\/div>\n\t\t\t\t<\/div>\n\t\t<div class=\"elementor-element elementor-element-1d26e18 e-flex e-con-boxed e-con e-parent\" data-id=\"1d26e18\" data-element_type=\"container\" data-settings=\"{&quot;_ha_eqh_enable&quot;:false}\">\n\t\t\t\t\t<div class=\"e-con-inner\">\n\t\t\t\t<div class=\"elementor-element elementor-element-9e18f6b elementor-widget elementor-widget-heading\" data-id=\"9e18f6b\" data-element_type=\"widget\" data-widget_type=\"heading.default\">\n\t\t\t\t<div class=\"elementor-widget-container\">\n\t\t\t\t\t<h2 class=\"elementor-heading-title elementor-size-default\">KAMISETEN HISTORIKOA:<\/h2>\t\t\t\t<\/div>\n\t\t\t\t<\/div>\n\t\t\t\t<div class=\"elementor-element elementor-element-6b947f8 elementor-widget elementor-widget-heading\" data-id=\"6b947f8\" data-element_type=\"widget\" data-widget_type=\"heading.default\">\n\t\t\t\t<div class=\"elementor-widget-container\">\n\t\t\t\t\t<h2 class=\"elementor-heading-title elementor-size-default\">VITORIA-GASTEIZ TRAIL<\/h2>\t\t\t\t<\/div>\n\t\t\t\t<\/div>\n\t\t\t\t\t<\/div>\n\t\t\t\t<\/div>\n\t\t\t\t<section class=\"elementor-section elementor-top-section elementor-element elementor-element-2b92fd39 elementor-section-boxed elementor-section-height-default elementor-section-height-default\" data-id=\"2b92fd39\" data-element_type=\"section\" data-settings=\"{&quot;_ha_eqh_enable&quot;:false}\">\n\t\t\t\t\t\t<div class=\"elementor-container elementor-column-gap-default\">\n\t\t\t\t\t<div class=\"elementor-column elementor-col-33 elementor-top-column elementor-element elementor-element-261e9acf\" data-id=\"261e9acf\" data-element_type=\"column\">\n\t\t\t<div class=\"elementor-widget-wrap elementor-element-populated\">\n\t\t\t\t\t\t<div class=\"elementor-element elementor-element-48ca0749 e-transform elementor-widget elementor-widget-image\" data-id=\"48ca0749\" data-element_type=\"widget\" data-settings=\"{&quot;_transform_scale_effect_hover&quot;:{&quot;unit&quot;:&quot;px&quot;,&quot;size&quot;:1.2,&quot;sizes&quot;:[]},&quot;_transform_scale_effect_hover_tablet&quot;:{&quot;unit&quot;:&quot;px&quot;,&quot;size&quot;:&quot;&quot;,&quot;sizes&quot;:[]},&quot;_transform_scale_effect_hover_mobile&quot;:{&quot;unit&quot;:&quot;px&quot;,&quot;size&quot;:&quot;&quot;,&quot;sizes&quot;:[]}}\" data-widget_type=\"image.default\">\n\t\t\t\t<div class=\"elementor-widget-container\">\n\t\t\t\t\t\t\t\t\t\t\t\t\t\t\t<img decoding=\"async\" width=\"578\" height=\"707\" src=\"https:\/\/vitoriatrail.com\/wp-content\/uploads\/2025\/02\/Captura-de-pantalla-2025-02-12-a-las-12.12.31.png\" class=\"attachment-large size-large wp-image-542\" alt=\"\" srcset=\"https:\/\/vitoriatrail.com\/wp-content\/uploads\/2025\/02\/Captura-de-pantalla-2025-02-12-a-las-12.12.31.png 578w, https:\/\/vitoriatrail.com\/wp-content\/uploads\/2025\/02\/Captura-de-pantalla-2025-02-12-a-las-12.12.31-245x300.png 245w, https:\/\/vitoriatrail.com\/wp-content\/uploads\/2025\/02\/Captura-de-pantalla-2025-02-12-a-las-12.12.31-10x12.png 10w\" sizes=\"(max-width: 578px) 100vw, 578px\" \/>\t\t\t\t\t\t\t\t\t\t\t\t\t\t\t<\/div>\n\t\t\t\t<\/div>\n\t\t\t\t<div class=\"elementor-element elementor-element-64f35876 elementor-widget elementor-widget-heading\" data-id=\"64f35876\" data-element_type=\"widget\" data-widget_type=\"heading.default\">\n\t\t\t\t<div class=\"elementor-widget-container\">\n\t\t\t\t\t<h2 class=\"elementor-heading-title elementor-size-default\">VITORIA TRAIL 2024<\/h2>\t\t\t\t<\/div>\n\t\t\t\t<\/div>\n\t\t\t\t\t<\/div>\n\t\t<\/div>\n\t\t\t\t<div class=\"elementor-column elementor-col-33 elementor-top-column elementor-element elementor-element-7bb694e9\" data-id=\"7bb694e9\" data-element_type=\"column\">\n\t\t\t<div class=\"elementor-widget-wrap elementor-element-populated\">\n\t\t\t\t\t\t<div class=\"elementor-element elementor-element-933b25f e-transform elementor-widget elementor-widget-image\" data-id=\"933b25f\" data-element_type=\"widget\" data-settings=\"{&quot;_transform_scale_effect_hover&quot;:{&quot;unit&quot;:&quot;px&quot;,&quot;size&quot;:1.2,&quot;sizes&quot;:[]},&quot;_transform_scale_effect_hover_tablet&quot;:{&quot;unit&quot;:&quot;px&quot;,&quot;size&quot;:&quot;&quot;,&quot;sizes&quot;:[]},&quot;_transform_scale_effect_hover_mobile&quot;:{&quot;unit&quot;:&quot;px&quot;,&quot;size&quot;:&quot;&quot;,&quot;sizes&quot;:[]}}\" data-widget_type=\"image.default\">\n\t\t\t\t<div class=\"elementor-widget-container\">\n\t\t\t\t\t\t\t\t\t\t\t\t\t\t\t<img decoding=\"async\" width=\"502\" height=\"607\" src=\"https:\/\/vitoriatrail.com\/wp-content\/uploads\/2025\/02\/Captura-de-pantalla-2025-02-12-a-las-12.12.59.png\" class=\"attachment-large size-large wp-image-543\" alt=\"\" srcset=\"https:\/\/vitoriatrail.com\/wp-content\/uploads\/2025\/02\/Captura-de-pantalla-2025-02-12-a-las-12.12.59.png 502w, https:\/\/vitoriatrail.com\/wp-content\/uploads\/2025\/02\/Captura-de-pantalla-2025-02-12-a-las-12.12.59-248x300.png 248w, https:\/\/vitoriatrail.com\/wp-content\/uploads\/2025\/02\/Captura-de-pantalla-2025-02-12-a-las-12.12.59-10x12.png 10w\" sizes=\"(max-width: 502px) 100vw, 502px\" \/>\t\t\t\t\t\t\t\t\t\t\t\t\t\t\t<\/div>\n\t\t\t\t<\/div>\n\t\t\t\t<div class=\"elementor-element elementor-element-bcf9759 elementor-widget elementor-widget-heading\" data-id=\"bcf9759\" data-element_type=\"widget\" data-widget_type=\"heading.default\">\n\t\t\t\t<div class=\"elementor-widget-container\">\n\t\t\t\t\t<h2 class=\"elementor-heading-title elementor-size-default\">VITORIA TRAIL 2023<\/h2>\t\t\t\t<\/div>\n\t\t\t\t<\/div>\n\t\t\t\t\t<\/div>\n\t\t<\/div>\n\t\t\t\t<div class=\"elementor-column elementor-col-33 elementor-top-column elementor-element elementor-element-2fb2588\" data-id=\"2fb2588\" data-element_type=\"column\">\n\t\t\t<div class=\"elementor-widget-wrap elementor-element-populated\">\n\t\t\t\t\t\t<div class=\"elementor-element elementor-element-d2f5f7d e-transform elementor-widget elementor-widget-image\" data-id=\"d2f5f7d\" data-element_type=\"widget\" data-settings=\"{&quot;_transform_scale_effect_hover&quot;:{&quot;unit&quot;:&quot;px&quot;,&quot;size&quot;:1.2,&quot;sizes&quot;:[]},&quot;_transform_scale_effect_hover_tablet&quot;:{&quot;unit&quot;:&quot;px&quot;,&quot;size&quot;:&quot;&quot;,&quot;sizes&quot;:[]},&quot;_transform_scale_effect_hover_mobile&quot;:{&quot;unit&quot;:&quot;px&quot;,&quot;size&quot;:&quot;&quot;,&quot;sizes&quot;:[]}}\" data-widget_type=\"image.default\">\n\t\t\t\t<div class=\"elementor-widget-container\">\n\t\t\t\t\t\t\t\t\t\t\t\t\t\t\t<img loading=\"lazy\" decoding=\"async\" width=\"612\" height=\"741\" src=\"https:\/\/vitoriatrail.com\/wp-content\/uploads\/2025\/02\/Captura-de-pantalla-2025-02-12-a-las-12.14.16.png\" class=\"attachment-large size-large wp-image-544\" alt=\"\" srcset=\"https:\/\/vitoriatrail.com\/wp-content\/uploads\/2025\/02\/Captura-de-pantalla-2025-02-12-a-las-12.14.16.png 612w, https:\/\/vitoriatrail.com\/wp-content\/uploads\/2025\/02\/Captura-de-pantalla-2025-02-12-a-las-12.14.16-248x300.png 248w, https:\/\/vitoriatrail.com\/wp-content\/uploads\/2025\/02\/Captura-de-pantalla-2025-02-12-a-las-12.14.16-10x12.png 10w\" sizes=\"(max-width: 612px) 100vw, 612px\" \/>\t\t\t\t\t\t\t\t\t\t\t\t\t\t\t<\/div>\n\t\t\t\t<\/div>\n\t\t\t\t<div class=\"elementor-element elementor-element-119989ee elementor-widget elementor-widget-heading\" data-id=\"119989ee\" data-element_type=\"widget\" data-widget_type=\"heading.default\">\n\t\t\t\t<div class=\"elementor-widget-container\">\n\t\t\t\t\t<h2 class=\"elementor-heading-title elementor-size-default\">VITORIA TRAIL 2019<\/h2>\t\t\t\t<\/div>\n\t\t\t\t<\/div>\n\t\t\t\t\t<\/div>\n\t\t<\/div>\n\t\t\t\t\t<\/div>\n\t\t<\/section>\n\t\t<div class=\"elementor-element elementor-element-53d797f7 e-flex e-con-boxed e-con e-parent\" data-id=\"53d797f7\" data-element_type=\"container\" data-settings=\"{&quot;_ha_eqh_enable&quot;:false}\">\n\t\t\t\t\t<div class=\"e-con-inner\">\n\t\t\t\t<div class=\"elementor-element elementor-element-7e09f2f1 elementor-widget elementor-widget-image\" data-id=\"7e09f2f1\" data-element_type=\"widget\" data-widget_type=\"image.default\">\n\t\t\t\t<div class=\"elementor-widget-container\">\n\t\t\t\t\t\t\t\t\t\t\t\t\t\t\t<img fetchpriority=\"high\" decoding=\"async\" width=\"512\" height=\"512\" src=\"https:\/\/vitoriatrail.com\/wp-content\/uploads\/2025\/02\/cropped-1.png\" class=\"attachment-large size-large wp-image-98\" alt=\"\" srcset=\"https:\/\/vitoriatrail.com\/wp-content\/uploads\/2025\/02\/cropped-1.png 512w, https:\/\/vitoriatrail.com\/wp-content\/uploads\/2025\/02\/cropped-1-300x300.png 300w, https:\/\/vitoriatrail.com\/wp-content\/uploads\/2025\/02\/cropped-1-150x150.png 150w, https:\/\/vitoriatrail.com\/wp-content\/uploads\/2025\/02\/cropped-1-12x12.png 12w, https:\/\/vitoriatrail.com\/wp-content\/uploads\/2025\/02\/cropped-1-270x270.png 270w, https:\/\/vitoriatrail.com\/wp-content\/uploads\/2025\/02\/cropped-1-192x192.png 192w, https:\/\/vitoriatrail.com\/wp-content\/uploads\/2025\/02\/cropped-1-180x180.png 180w, https:\/\/vitoriatrail.com\/wp-content\/uploads\/2025\/02\/cropped-1-32x32.png 32w\" sizes=\"(max-width: 512px) 100vw, 512px\" \/>\t\t\t\t\t\t\t\t\t\t\t\t\t\t\t<\/div>\n\t\t\t\t<\/div>\n\t\t\t\t\t<\/div>\n\t\t\t\t<\/div>\n\t\t\t\t<\/div>","protected":false},"excerpt":{"rendered":"<p>CAMISETA OFICIAL camiseta oficial vitoria-gasteiz trail 2026: estamos dise\u00f1ando la camiseta de este a\u00f1o 2026 HIST\u00d3RICO DE CAMISETAS: VITORIA-GASTEIZ TRAIL [&hellip;]<\/p>","protected":false},"author":1,"featured_media":0,"parent":209,"menu_order":0,"comment_status":"closed","ping_status":"closed","template":"","meta":{"site-sidebar-layout":"no-sidebar","site-content-layout":"","ast-site-content-layout":"full-width-container","site-content-style":"default","site-sidebar-style":"default","ast-global-header-display":"","ast-banner-title-visibility":"","ast-main-header-display":"","ast-hfb-above-header-display":"","ast-hfb-below-header-display":"","ast-hfb-mobile-header-display":"","site-post-title":"disabled","ast-breadcrumbs-content":"","ast-featured-img":"disabled","footer-sml-layout":"","theme-transparent-header-meta":"","adv-header-id-meta":"","stick-header-meta":"","header-above-stick-meta":"","header-main-stick-meta":"","header-below-stick-meta":"","astra-migrate-meta-layouts":"default","ast-page-background-enabled":"default","ast-page-background-meta":{"desktop":{"background-color":"var(--ast-global-color-5)","background-image":"","background-repeat":"repeat","background-position":"center center","background-size":"auto","background-attachment":"scroll","background-type":"","background-media":"","overlay-type":"","overlay-color":"","overlay-opacity":"","overlay-gradient":""},"tablet":{"background-color":"","background-image":"","background-repeat":"repeat","background-position":"center center","background-size":"auto","background-attachment":"scroll","background-type":"","background-media":"","overlay-type":"","overlay-color":"","overlay-opacity":"","overlay-gradient":""},"mobile":{"background-color":"","background-image":"","background-repeat":"repeat","background-position":"center center","background-size":"auto","background-attachment":"scroll","background-type":"","background-media":"","overlay-type":"","overlay-color":"","overlay-opacity":"","overlay-gradient":""}},"ast-content-background-meta":{"desktop":{"background-color":"var(--ast-global-color-4)","background-image":"","background-repeat":"repeat","background-position":"center center","background-size":"auto","background-attachment":"scroll","background-type":"","background-media":"","overlay-type":"","overlay-color":"","overlay-opacity":"","overlay-gradient":""},"tablet":{"background-color":"var(--ast-global-color-4)","background-image":"","background-repeat":"repeat","background-position":"center center","background-size":"auto","background-attachment":"scroll","background-type":"","background-media":"","overlay-type":"","overlay-color":"","overlay-opacity":"","overlay-gradient":""},"mobile":{"background-color":"var(--ast-global-color-4)","background-image":"","background-repeat":"repeat","background-position":"center center","background-size":"auto","background-attachment":"scroll","background-type":"","background-media":"","overlay-type":"","overlay-color":"","overlay-opacity":"","overlay-gradient":""}},"footnotes":""},"class_list":["post-512","page","type-page","status-publish","hentry"],"yoast_head":"<!-- This site is optimized with the Yoast SEO plugin v25.7 - https:\/\/yoast.com\/wordpress\/plugins\/seo\/ -->\n<title>CAMISETA OFICIAL - VITORIA GASTEIZ TRAIL<\/title>\n<meta name=\"description\" content=\"Vitoria-Gasteiz Trail es un evento deportivo de trail running que cuenta con dos carreras de 16k y 26k, una marcha y canicross.\" \/>\n<meta name=\"robots\" content=\"index, follow, max-snippet:-1, max-image-preview:large, max-video-preview:-1\" \/>\n<link rel=\"canonical\" href=\"https:\/\/vitoriatrail.com\/eus\/participantes\/camiseta-oficial\/\" \/>\n<meta property=\"og:locale\" content=\"en_US\" \/>\n<meta property=\"og:type\" content=\"article\" \/>\n<meta property=\"og:title\" content=\"CAMISETA OFICIAL - VITORIA GASTEIZ TRAIL\" \/>\n<meta property=\"og:description\" content=\"Vitoria-Gasteiz Trail es un evento deportivo de trail running que cuenta con dos carreras de 16k y 26k, una marcha y canicross.\" \/>\n<meta property=\"og:url\" content=\"https:\/\/vitoriatrail.com\/eus\/participantes\/camiseta-oficial\/\" \/>\n<meta property=\"og:site_name\" content=\"VITORIA GASTEIZ TRAIL\" \/>\n<meta property=\"article:modified_time\" content=\"2026-03-05T13:47:18+00:00\" \/>\n<meta property=\"og:image\" content=\"https:\/\/vitoriatrail.com\/wp-content\/uploads\/2025\/02\/cropped-1.png\" \/>\n\t<meta property=\"og:image:width\" content=\"512\" \/>\n\t<meta property=\"og:image:height\" content=\"512\" \/>\n\t<meta property=\"og:image:type\" content=\"image\/png\" \/>\n<meta name=\"twitter:card\" content=\"summary_large_image\" \/>\n<meta name=\"twitter:label1\" content=\"Est. reading time\" \/>\n\t<meta name=\"twitter:data1\" content=\"2 minutua\" \/>\n<script type=\"application\/ld+json\" class=\"yoast-schema-graph\">{\"@context\":\"https:\/\/schema.org\",\"@graph\":[{\"@type\":\"WebPage\",\"@id\":\"https:\/\/vitoriatrail.com\/participantes\/camiseta-oficial\/\",\"url\":\"https:\/\/vitoriatrail.com\/participantes\/camiseta-oficial\/\",\"name\":\"CAMISETA OFICIAL - VITORIA GASTEIZ TRAIL\",\"isPartOf\":{\"@id\":\"https:\/\/vitoriatrail.com\/#website\"},\"primaryImageOfPage\":{\"@id\":\"https:\/\/vitoriatrail.com\/participantes\/camiseta-oficial\/#primaryimage\"},\"image\":{\"@id\":\"https:\/\/vitoriatrail.com\/participantes\/camiseta-oficial\/#primaryimage\"},\"thumbnailUrl\":\"https:\/\/vitoriatrail.com\/wp-content\/uploads\/2025\/02\/cropped-1.png\",\"datePublished\":\"2025-02-11T12:24:36+00:00\",\"dateModified\":\"2026-03-05T13:47:18+00:00\",\"description\":\"Vitoria-Gasteiz Trail es un evento deportivo de trail running que cuenta con dos carreras de 16k y 26k, una marcha y canicross.\",\"breadcrumb\":{\"@id\":\"https:\/\/vitoriatrail.com\/participantes\/camiseta-oficial\/#breadcrumb\"},\"inLanguage\":\"eu\",\"potentialAction\":[{\"@type\":\"ReadAction\",\"target\":[\"https:\/\/vitoriatrail.com\/participantes\/camiseta-oficial\/\"]}]},{\"@type\":\"ImageObject\",\"inLanguage\":\"eu\",\"@id\":\"https:\/\/vitoriatrail.com\/participantes\/camiseta-oficial\/#primaryimage\",\"url\":\"https:\/\/vitoriatrail.com\/wp-content\/uploads\/2025\/02\/cropped-1.png\",\"contentUrl\":\"https:\/\/vitoriatrail.com\/wp-content\/uploads\/2025\/02\/cropped-1.png\"},{\"@type\":\"BreadcrumbList\",\"@id\":\"https:\/\/vitoriatrail.com\/participantes\/camiseta-oficial\/#breadcrumb\",\"itemListElement\":[{\"@type\":\"ListItem\",\"position\":1,\"name\":\"Portada\",\"item\":\"https:\/\/vitoriatrail.com\/\"},{\"@type\":\"ListItem\",\"position\":2,\"name\":\"PARTICIPANTES\",\"item\":\"https:\/\/vitoriatrail.com\/participantes\/\"},{\"@type\":\"ListItem\",\"position\":3,\"name\":\"CAMISETA OFICIAL\"}]},{\"@type\":\"WebSite\",\"@id\":\"https:\/\/vitoriatrail.com\/#website\",\"url\":\"https:\/\/vitoriatrail.com\/\",\"name\":\"VITORIA GASTEIZ TRAIL\",\"description\":\"Irailak 20 Septiembre 2025\",\"potentialAction\":[{\"@type\":\"SearchAction\",\"target\":{\"@type\":\"EntryPoint\",\"urlTemplate\":\"https:\/\/vitoriatrail.com\/?s={search_term_string}\"},\"query-input\":{\"@type\":\"PropertyValueSpecification\",\"valueRequired\":true,\"valueName\":\"search_term_string\"}}],\"inLanguage\":\"eu\"}]}<\/script>\n<!-- \/ Yoast SEO plugin. -->","yoast_head_json":{"title":"CAMISETA OFICIAL - VITORIA GASTEIZ TRAIL","description":"Vitoria-Gasteiz Trail es un evento deportivo de trail running que cuenta con dos carreras de 16k y 26k, una marcha y canicross.","robots":{"index":"index","follow":"follow","max-snippet":"max-snippet:-1","max-image-preview":"max-image-preview:large","max-video-preview":"max-video-preview:-1"},"canonical":"https:\/\/vitoriatrail.com\/eus\/participantes\/camiseta-oficial\/","og_locale":"en_US","og_type":"article","og_title":"CAMISETA OFICIAL - VITORIA GASTEIZ TRAIL","og_description":"Vitoria-Gasteiz Trail es un evento deportivo de trail running que cuenta con dos carreras de 16k y 26k, una marcha y canicross.","og_url":"https:\/\/vitoriatrail.com\/eus\/participantes\/camiseta-oficial\/","og_site_name":"VITORIA GASTEIZ TRAIL","article_modified_time":"2026-03-05T13:47:18+00:00","og_image":[{"width":512,"height":512,"url":"https:\/\/vitoriatrail.com\/wp-content\/uploads\/2025\/02\/cropped-1.png","type":"image\/png"}],"twitter_card":"summary_large_image","twitter_misc":{"Est. reading time":"2 minutua"},"schema":{"@context":"https:\/\/schema.org","@graph":[{"@type":"WebPage","@id":"https:\/\/vitoriatrail.com\/participantes\/camiseta-oficial\/","url":"https:\/\/vitoriatrail.com\/participantes\/camiseta-oficial\/","name":"CAMISETA OFICIAL - VITORIA GASTEIZ TRAIL","isPartOf":{"@id":"https:\/\/vitoriatrail.com\/#website"},"primaryImageOfPage":{"@id":"https:\/\/vitoriatrail.com\/participantes\/camiseta-oficial\/#primaryimage"},"image":{"@id":"https:\/\/vitoriatrail.com\/participantes\/camiseta-oficial\/#primaryimage"},"thumbnailUrl":"https:\/\/vitoriatrail.com\/wp-content\/uploads\/2025\/02\/cropped-1.png","datePublished":"2025-02-11T12:24:36+00:00","dateModified":"2026-03-05T13:47:18+00:00","description":"Vitoria-Gasteiz Trail es un evento deportivo de trail running que cuenta con dos carreras de 16k y 26k, una marcha y canicross.","breadcrumb":{"@id":"https:\/\/vitoriatrail.com\/participantes\/camiseta-oficial\/#breadcrumb"},"inLanguage":"eu","potentialAction":[{"@type":"ReadAction","target":["https:\/\/vitoriatrail.com\/participantes\/camiseta-oficial\/"]}]},{"@type":"ImageObject","inLanguage":"eu","@id":"https:\/\/vitoriatrail.com\/participantes\/camiseta-oficial\/#primaryimage","url":"https:\/\/vitoriatrail.com\/wp-content\/uploads\/2025\/02\/cropped-1.png","contentUrl":"https:\/\/vitoriatrail.com\/wp-content\/uploads\/2025\/02\/cropped-1.png"},{"@type":"BreadcrumbList","@id":"https:\/\/vitoriatrail.com\/participantes\/camiseta-oficial\/#breadcrumb","itemListElement":[{"@type":"ListItem","position":1,"name":"Portada","item":"https:\/\/vitoriatrail.com\/"},{"@type":"ListItem","position":2,"name":"PARTICIPANTES","item":"https:\/\/vitoriatrail.com\/participantes\/"},{"@type":"ListItem","position":3,"name":"CAMISETA OFICIAL"}]},{"@type":"WebSite","@id":"https:\/\/vitoriatrail.com\/#website","url":"https:\/\/vitoriatrail.com\/","name":"VITORIA GASTEIZ TRAIL","description":"Irailak 20 Septiembre 2025","potentialAction":[{"@type":"SearchAction","target":{"@type":"EntryPoint","urlTemplate":"https:\/\/vitoriatrail.com\/?s={search_term_string}"},"query-input":{"@type":"PropertyValueSpecification","valueRequired":true,"valueName":"search_term_string"}}],"inLanguage":"eu"}]}},"_links":{"self":[{"href":"https:\/\/vitoriatrail.com\/eus\/wp-json\/wp\/v2\/pages\/512","targetHints":{"allow":["GET"]}}],"collection":[{"href":"https:\/\/vitoriatrail.com\/eus\/wp-json\/wp\/v2\/pages"}],"about":[{"href":"https:\/\/vitoriatrail.com\/eus\/wp-json\/wp\/v2\/types\/page"}],"author":[{"embeddable":true,"href":"https:\/\/vitoriatrail.com\/eus\/wp-json\/wp\/v2\/users\/1"}],"replies":[{"embeddable":true,"href":"https:\/\/vitoriatrail.com\/eus\/wp-json\/wp\/v2\/comments?post=512"}],"version-history":[{"count":0,"href":"https:\/\/vitoriatrail.com\/eus\/wp-json\/wp\/v2\/pages\/512\/revisions"}],"up":[{"embeddable":true,"href":"https:\/\/vitoriatrail.com\/eus\/wp-json\/wp\/v2\/pages\/209"}],"wp:attachment":[{"href":"https:\/\/vitoriatrail.com\/eus\/wp-json\/wp\/v2\/media?parent=512"}],"curies":[{"name":"wp","href":"https:\/\/api.w.org\/{rel}","templated":true}]}}